{"id":2610,"date":"2017-04-27T21:22:01","date_gmt":"2017-04-27T20:22:01","guid":{"rendered":"http:\/\/www.groupedamco.com\/?page_id=2610"},"modified":"2021-03-11T19:51:59","modified_gmt":"2021-03-11T18:51:59","slug":"about-us","status":"publish","type":"page","link":"https:\/\/www.groupedamco.com\/fr\/about-us\/","title":{"rendered":"\u00c0 propos"},"content":{"rendered":"<div class=\"wpb-content-wrapper\"><p>[vc_row full_width=\u00a0\u00bbstretch_row\u00a0\u00bb css=\u00a0\u00bb.vc_custom_1494966040014{margin-top: 0px !important;padding-top: 50px !important;padding-bottom: 50px !important;background-color: #fafafa !important;}\u00a0\u00bb el_id=\u00a0\u00bbhistory\u00a0\u00bb][vc_column][vc_raw_js]JTNDc2NyaXB0JTIwdHlwZSUzRCUyMnRleHQlMkZqYXZhc2NyaXB0JTIyJTNFJTIwdmFyJTIwcGFnZSUyMCUzRCUyMCUyMiVDMyU4MCUyMHByb3BvcyUyMiUzQiUyMCUzQyUyRnNjcmlwdCUzRQ==[\/vc_raw_js]\t\t<div\r\n\t\t\tclass=\"houzez-module module-title section-title-module text-center \">\r\n\t\t\t<h2>Notre histoire<\/h2>\r\n\r\n\t\t\t<h3 class=\"sub-heading\">Une entreprise de confiance<\/h3>\r\n\t\t<\/div>\r\n\t\t[vc_column_text]<\/p>\n<p style=\"text-align: center;\">Nous avons int\u00e9gr\u00e9 le march\u00e9 en 2013 avec la ferme intention de devenir la r\u00e9f\u00e9rence dans la gestion et le d\u00e9veloppement immobilier du Montr\u00e9al m\u00e9tropolitain. \u00c9tant encore une jeune entreprise dans le milieu, nous travaillons continuellement \u00e0 accro\u00eetre notre portefeuille tout en restant fid\u00e8les \u00e0 nos valeurs. Ainsi, nous nous assurons de respecter notre identit\u00e9 propre tout en nous motivant \u00e0 nous surpasser et \u00e0 exceller dans notre domaine.<\/p>\n<p style=\"text-align: center;\">Chez Damco, nous nous effor\u00e7ons continuellement \u00e0 r\u00e9pondre aux plus hautes exigences de nos clients afin de leur apporter enti\u00e8re satisfaction \u00e0 la suite de toute transaction en mati\u00e8re de location ou d\u2019achat immobilier. Joignez-vous \u00e0 nous, faites partie de l\u2019exp\u00e9rience Damco et laissez-nous vous guider dans votre recherche d\u2019une maison parfaite pour votre famille et pour votre entreprise.<\/p>\n<p>[\/vc_column_text][\/vc_column][\/vc_row][vc_row full_width=\u00a0\u00bbstretch_row_content_no_spaces\u00a0\u00bb parallax=\u00a0\u00bbcontent-moving\u00a0\u00bb parallax_image=\u00a0\u00bb2209&Prime; parallax_speed_bg=\u00a0\u00bb3&Prime; css=\u00a0\u00bb.vc_custom_1494966102565{margin-top: 0px !important;margin-right: 0px !important;margin-bottom: 0px !important;margin-left: 0px !important;border-top-width: 0px !important;border-right-width: 0px !important;border-bottom-width: 0px !important;border-left-width: 0px !important;padding-top: 0px !important;padding-right: 0px !important;padding-bottom: 0px !important;padding-left: 0px !important;}\u00a0\u00bb el_class=\u00a0\u00bbparalax-separator\u00a0\u00bb el_id=\u00a0\u00bbdamco-sentence\u00a0\u00bb][vc_column css=\u00a0\u00bb.vc_custom_1494964056867{margin: 0px !important;border-width: 0px !important;padding: 0px !important;background-color: rgba(23,23,23,0.85) !important;*background-color: rgb(23,23,23) !important;}\u00a0\u00bb]<div style=\"clear:both; width:100%; height:45px\"><\/div>\t\t<div\r\n\t\t\tclass=\"houzez-module module-title section-title-module text-center \">\r\n\t\t\t<h2><\/h2>\r\n\r\n\t\t\t<h3 class=\"sub-heading\">Travaillons ensemble!<\/h3>\r\n\t\t<\/div>\r\n\t\t<div style=\"clear:both; width:100%; height:80px\"><\/div>[\/vc_column][\/vc_row][vc_row full_width=\u00a0\u00bbstretch_row\u00a0\u00bb css=\u00a0\u00bb.vc_custom_1511215079372{margin-top: 0px !important;padding-top: 50px !important;padding-bottom: 50px !important;background-color: #fafafa !important;}\u00a0\u00bb el_id=\u00a0\u00bbdamco-img-bureaux\u00a0\u00bb][vc_column]\t\t<div\r\n\t\t\tclass=\"houzez-module module-title section-title-module text-center \">\r\n\t\t\t<h2>Nos bureaux<\/h2>\r\n\r\n\t\t\t<h3 class=\"sub-heading\">Des espaces accueillants pens\u00e9s pour vous<\/h3>\r\n\t\t<\/div>\r\n\t\t[vc_row_inner][vc_column_inner width=\u00a0\u00bb1\/4&Prime;][vc_single_image image=\u00a0\u00bb2900&Prime; img_size=\u00a0\u00bbfull\u00a0\u00bb alignment=\u00a0\u00bbcenter\u00a0\u00bb onclick=\u00a0\u00bbimg_link_large\u00a0\u00bb][\/vc_column_inner][vc_column_inner width=\u00a0\u00bb1\/4&Prime;][vc_single_image image=\u00a0\u00bb2901&Prime; img_size=\u00a0\u00bbfull\u00a0\u00bb alignment=\u00a0\u00bbcenter\u00a0\u00bb onclick=\u00a0\u00bbimg_link_large\u00a0\u00bb][\/vc_column_inner][vc_column_inner width=\u00a0\u00bb1\/4&Prime;][vc_single_image image=\u00a0\u00bb2898&Prime; img_size=\u00a0\u00bbfull\u00a0\u00bb alignment=\u00a0\u00bbcenter\u00a0\u00bb onclick=\u00a0\u00bbimg_link_large\u00a0\u00bb][\/vc_column_inner][vc_column_inner width=\u00a0\u00bb1\/4&Prime;][vc_single_image image=\u00a0\u00bb2899&Prime; img_size=\u00a0\u00bbfull\u00a0\u00bb alignment=\u00a0\u00bbcenter\u00a0\u00bb onclick=\u00a0\u00bbimg_link_large\u00a0\u00bb][\/vc_column_inner][\/vc_row_inner][\/vc_column][\/vc_row][vc_row full_width=\u00a0\u00bbstretch_row\u00a0\u00bb css=\u00a0\u00bb.vc_custom_1494966053341{margin-top: 0px !important;margin-bottom: 0px !important;border-top-width: 0px !important;border-bottom-width: 0px !important;padding-top: 50px !important;padding-bottom: 0px !important;}\u00a0\u00bb el_id=\u00a0\u00bbteam\u00a0\u00bb][vc_column]\t\t<div\r\n\t\t\tclass=\"houzez-module module-title section-title-module text-center \">\r\n\t\t\t<h2>Notre \u00e9quipe<\/h2>\r\n\r\n\t\t\t<h3 class=\"sub-heading\">Entourez-vous de professionnels<\/h3>\r\n\t\t<\/div>\r\n\t\t[vc_column_text]<\/p>\n<p style=\"text-align: center;\">Afin de mieux vous servir et dans le but de r\u00e9pondre \u00e0 vos besoins commerciaux et r\u00e9sidentiels, le groupe Damco se compose des professionnels de l\u2019immobilier.<\/p>\n<p>[\/vc_column_text][\/vc_column][\/vc_row][vc_row full_width=\u00a0\u00bbstretch_row_content_no_spaces\u00a0\u00bb css=\u00a0\u00bb.vc_custom_1494966067412{margin-top: 0px !important;margin-bottom: 0px !important;border-top-width: 0px !important;border-bottom-width: 0px !important;padding-top: 50px !important;padding-bottom: 50px !important;}\u00a0\u00bb el_id=\u00a0\u00bbteam-list\u00a0\u00bb][vc_column]\n        <!--start agents module-->\n        \n        <div id=\"agents-module\" class=\"houzez-module agents-module\">\n            <div class=\"agents-blocks-main\">\n                <div class=\"row no-margin\">\n                    \n                        <div class=\"col-md-3 col-sm-6\">\n                            <div class=\"agents-block\">\n\n                                                            <figure class=\"auther-thumb\">\n                                    <!--a href=\"https:\/\/www.groupedamco.com\/fr\/agent\/jamil-cheaib\/\"\n                                       class=\"view\"-->\n                                    <img loading=\"lazy\" decoding=\"async\" src=\"https:\/\/www.groupedamco.com\/wp-content\/uploads\/2016\/02\/M.Cheaib.jpg\" class=\"img-circle\" width=\"150\"\n                                         height=\"150\" alt=\"Jamil Cheaib\">\n                                        <!--\/a-->\n                                <\/figure>\n                            \n                                \n\n\n                                <!--div class=\"web-logo text-center\">\n                                                                    <\/div-->\n\n                                <div class=\"block-body\">\n                                    <p class=\"auther-info\">\n                                        <span class=\"blue\">Jamil Cheaib<\/span>\n                                                                                <span>\n                                            Pr\u00e9sident                                                                                    <\/span>\n                                                                            <\/p>\n                                                                        <div class=\"description\"><p>Jamil Cheaib est le pr\u00e9sident-fondateur du groupe Damco ainsi que le pr\u00e9sident des groupes Adonis et Phoenicia.. Jamil a d\u00e9marr\u00e9 l\u2019entreprise immobili\u00e8re Damco en 2013 avec pour vocation de combler vos besoins de location, et d\u2019achat d\u2019unit\u00e9s r\u00e9sidentielles ou de bureaux.<\/p>\n<\/div>\n                                                                        <!--a href=\"https:\/\/www.groupedamco.com\/fr\/agent\/jamil-cheaib\/\"\n                                       class=\"view\">Vor profil<\/a-->\n                                <\/div>\n                            <\/div>\n                        <\/div>\n\n                    \n                        <div class=\"col-md-3 col-sm-6\">\n                            <div class=\"agents-block\">\n\n                                                            <figure class=\"auther-thumb\">\n                                    <!--a href=\"https:\/\/www.groupedamco.com\/fr\/agent\/george-cheaib\/\"\n                                       class=\"view\"-->\n                                    <img loading=\"lazy\" decoding=\"async\" src=\"https:\/\/www.groupedamco.com\/wp-content\/uploads\/2021\/02\/georges-cheaib-2022-scaled.jpg\" class=\"img-circle\" width=\"150\"\n                                         height=\"150\" alt=\"George Cheaib\">\n                                        <!--\/a-->\n                                <\/figure>\n                            \n                                \n\n\n                                <!--div class=\"web-logo text-center\">\n                                                                    <\/div-->\n\n                                <div class=\"block-body\">\n                                    <p class=\"auther-info\">\n                                        <span class=\"blue\">George Cheaib<\/span>\n                                                                                <span>\n                                            Gestionnaire de projets                                                                                    <\/span>\n                                                                            <\/p>\n                                                                        <div class=\"description\"><p>George\u00a0Cheaib\u00a0est l&rsquo;un de nos gestionnaires de projets chez Groupe\u00a0Damco.\u00a0George est bachelier en gestion des affaires \u00e0 l&rsquo;\u00c9cole de gestion John-Molson de l&rsquo;Universit\u00e9 Concordia et il est dipl\u00f4m\u00e9\u00a0du Coll\u00e8ge de l&rsquo;immobilier du Qu\u00e9bec. Il est \u00e9galement propri\u00e9taire et gestionnaire du restaurant Wrap Kings. Son exp\u00e9rience est un atout pour Groupe\u00a0Damco.<\/p>\n<\/div>\n                                                                        <!--a href=\"https:\/\/www.groupedamco.com\/fr\/agent\/george-cheaib\/\"\n                                       class=\"view\">Vor profil<\/a-->\n                                <\/div>\n                            <\/div>\n                        <\/div>\n\n                    \n                        <div class=\"col-md-3 col-sm-6\">\n                            <div class=\"agents-block\">\n\n                                                            <figure class=\"auther-thumb\">\n                                    <!--a href=\"https:\/\/www.groupedamco.com\/fr\/agent\/andrew-cheaib\/\"\n                                       class=\"view\"-->\n                                    <img loading=\"lazy\" decoding=\"async\" src=\"https:\/\/www.groupedamco.com\/wp-content\/uploads\/2016\/02\/andrew_cheaib.jpg\" class=\"img-circle\" width=\"150\"\n                                         height=\"150\" alt=\"Andrew Cheaib\">\n                                        <!--\/a-->\n                                <\/figure>\n                            \n                                \n\n\n                                <!--div class=\"web-logo text-center\">\n                                                                    <\/div-->\n\n                                <div class=\"block-body\">\n                                    <p class=\"auther-info\">\n                                        <span class=\"blue\">Andrew Cheaib<\/span>\n                                                                                <span>\n                                            Gestionnaire de projets                                                                                    <\/span>\n                                                                            <\/p>\n                                                                        <div class=\"description\"><p>Andrew Cheaib est notre gestionnaire de projets au sein du groupe Damco. Il a travaill\u00e9 ant\u00e9rieurement pour le groupe Adonis \u00e0 Toronto, Canada, et ce, pour deux ans. Outre son emploi en tant que gestionnaire de projets pour le groupe Damco, Andrew est en processus d\u2019obtention de certificats en gestion de projets et en gestion immobili\u00e8re ainsi que d\u2019un permis de courtage immobilier.<\/p>\n<\/div>\n                                                                        <!--a href=\"https:\/\/www.groupedamco.com\/fr\/agent\/andrew-cheaib\/\"\n                                       class=\"view\">Vor profil<\/a-->\n                                <\/div>\n                            <\/div>\n                        <\/div>\n\n                    \n                        <div class=\"col-md-3 col-sm-6\">\n                            <div class=\"agents-block\">\n\n                                                            <figure class=\"auther-thumb\">\n                                    <img loading=\"lazy\" decoding=\"async\" src=\"https:\/\/www.groupedamco.com\/wp-content\/themes\/houzez\/images\/placeholder-team.jpg\" class=\"img-circle\" width=\"150\"\n                                         height=\"150\" alt=\"Pas de photo\">\n                                <\/figure>\n                            \n                                \n\n\n                                <!--div class=\"web-logo text-center\">\n                                                                    <\/div-->\n\n                                <div class=\"block-body\">\n                                    <p class=\"auther-info\">\n                                        <span class=\"blue\">Joey Cheaib<\/span>\n                                                                                <span>\n                                            Gestionnaire immobilier                                                                                    <\/span>\n                                                                            <\/p>\n                                                                        <div class=\"description\"><p><span class=\"TextRun SCXW121097054 BCX0\" lang=\"FR-FR\" xml:lang=\"FR-FR\" data-contrast=\"none\"><span class=\"FindHit SCXW121097054 BCX0\">Joey<\/span><span class=\"NormalTextRun SCXW121097054 BCX0\">\u00a0<\/span><\/span><span class=\"TextRun SCXW121097054 BCX0\" lang=\"FR-FR\" xml:lang=\"FR-FR\" data-contrast=\"none\"><span class=\"NormalTextRun SpellingErrorV2 SCXW121097054 BCX0\">Cheaib<\/span><\/span><span class=\"TextRun SCXW121097054 BCX0\" lang=\"FR-FR\" xml:lang=\"FR-FR\" data-contrast=\"none\"><span class=\"NormalTextRun SCXW121097054 BCX0\">\u00a0est un gestionnaire immobilier chez Groupe\u00a0<\/span><span class=\"NormalTextRun SpellingErrorV2 SCXW121097054 BCX0\">Damco<\/span><span class=\"NormalTextRun SCXW121097054 BCX0\">.\u00a0<\/span><\/span><span class=\"TextRun SCXW121097054 BCX0\" lang=\"FR-FR\" xml:lang=\"FR-FR\" data-contrast=\"none\"><span class=\"NormalTextRun SCXW121097054 BCX0\">Ayant \u00e9tudi\u00e9 en h\u00f4tellerie \u00e0 l&rsquo;Institut des hautes \u00e9tudes de\u00a0<\/span><\/span><span class=\"TextRun SCXW121097054 BCX0\" lang=\"FR-FR\" xml:lang=\"FR-FR\" data-contrast=\"none\"><span class=\"NormalTextRun SpellingErrorV2 SCXW121097054 BCX0\">Glion<\/span><\/span><span class=\"TextRun SCXW121097054 BCX0\" lang=\"FR-FR\" xml:lang=\"FR-FR\" data-contrast=\"none\"><span class=\"NormalTextRun SCXW121097054 BCX0\">\u00a0en Suisse et dipl\u00f4m\u00e9 du Coll\u00e8ge de l&rsquo;immobilier du Qu\u00e9bec,\u00a0<\/span><span class=\"FindHit SCXW121097054 BCX0\">Joey<\/span><span class=\"NormalTextRun SCXW121097054 BCX0\">\u00a0apporte son expertise diversifi\u00e9e \u00e0 l&rsquo;entreprise. Celui-ci est aussi copropri\u00e9taire du restaurant Wrap Kings.<\/span><\/span><span class=\"EOP SCXW121097054 BCX0\" data-ccp-props=\"{&quot;201341983&quot;:1,&quot;335559739&quot;:160,&quot;335559740&quot;:240}\">\u00a0<\/span><\/p>\n<\/div>\n                                                                        <!--a href=\"https:\/\/www.groupedamco.com\/fr\/agent\/joey-cheaib\/\"\n                                       class=\"view\">Vor profil<\/a-->\n                                <\/div>\n                            <\/div>\n                        <\/div>\n\n                    \n                        <div class=\"col-md-3 col-sm-6\">\n                            <div class=\"agents-block\">\n\n                                                            <figure class=\"auther-thumb\">\n                                    <!--a href=\"https:\/\/www.groupedamco.com\/fr\/agent\/charly-bejjani\/\"\n                                       class=\"view\"-->\n                                    <img loading=\"lazy\" decoding=\"async\" src=\"https:\/\/www.groupedamco.com\/wp-content\/uploads\/2016\/02\/charly_bejjani-scaled.jpg\" class=\"img-circle\" width=\"150\"\n                                         height=\"150\" alt=\"Charly Bejjani, CPA\">\n                                        <!--\/a-->\n                                <\/figure>\n                            \n                                \n\n\n                                <!--div class=\"web-logo text-center\">\n                                                                    <\/div-->\n\n                                <div class=\"block-body\">\n                                    <p class=\"auther-info\">\n                                        <span class=\"blue\">Charly Bejjani, CPA<\/span>\n                                                                                <span>\n                                            Vice-Pr\u00e9sident Finance                                                                                    <\/span>\n                                                                            <\/p>\n                                                                        <div class=\"description\"><p>Charly, est le vice-pr\u00e9sident du d\u00e9partement de finance du groupe Damco depuis septembre 2014. Avant de travailler pour Damco, en tant qu\u2019analyste financier au sein des Produits Adonis Charly d\u00e9tient un dipl\u00f4me de deuxi\u00e8me cycle en performance financi\u00e8re de l\u2019UQAM, un baccalaur\u00e9at en gestion du HEC, un baccalaur\u00e9at en sciences pures et appliqu\u00e9es (option d\u2019ing\u00e9nierie civile) et enfin, un baccalaur\u00e9at en sciences g\u00e9omatique. Il est \u00e9galement membre de l\u2019Ordre des comptables professionnels agr\u00e9\u00e9s du Qu\u00e9bec depuis 2009.<\/p>\n<\/div>\n                                                                        <!--a href=\"https:\/\/www.groupedamco.com\/fr\/agent\/charly-bejjani\/\"\n                                       class=\"view\">Vor profil<\/a-->\n                                <\/div>\n                            <\/div>\n                        <\/div>\n\n                    \n                        <div class=\"col-md-3 col-sm-6\">\n                            <div class=\"agents-block\">\n\n                                                            <figure class=\"auther-thumb\">\n                                    <!--a href=\"https:\/\/www.groupedamco.com\/fr\/agent\/rania-mansour\/\"\n                                       class=\"view\"-->\n                                    <img loading=\"lazy\" decoding=\"async\" src=\"https:\/\/www.groupedamco.com\/wp-content\/uploads\/2016\/02\/Rania.jpg\" class=\"img-circle\" width=\"150\"\n                                         height=\"150\" alt=\"Rania Mansour\">\n                                        <!--\/a-->\n                                <\/figure>\n                            \n                                \n\n\n                                <!--div class=\"web-logo text-center\">\n                                                                    <\/div-->\n\n                                <div class=\"block-body\">\n                                    <p class=\"auther-info\">\n                                        <span class=\"blue\">Rania Mansour<\/span>\n                                                                                <span>\n                                            Gestionnaire immobilier                                                                                    <\/span>\n                                                                            <\/p>\n                                                                        <div class=\"description\"><p><span class=\"TextRun SCXW212245327 BCX0\" lang=\"FR-FR\" xml:lang=\"FR-FR\" data-contrast=\"auto\"><span class=\"NormalTextRun SCXW212245327 BCX0\">Rania Mansour est notre gestionnaire immobilier au sein du Groupe\u00a0<\/span><\/span><span class=\"TextRun SCXW212245327 BCX0\" lang=\"FR-FR\" xml:lang=\"FR-FR\" data-contrast=\"auto\"><span class=\"NormalTextRun SpellingErrorV2 SCXW212245327 BCX0\">Damco<\/span><\/span><span class=\"TextRun SCXW212245327 BCX0\" lang=\"FR-FR\" xml:lang=\"FR-FR\" data-contrast=\"auto\"><span class=\"NormalTextRun SCXW212245327 BCX0\">.\u00a0<\/span><\/span><span class=\"TextRun SCXW212245327 BCX0\" lang=\"FR-FR\" xml:lang=\"FR-FR\" data-contrast=\"auto\"><span class=\"NormalTextRun SCXW212245327 BCX0\">D\u00e9tenant un baccalaur\u00e9at en droit de l\u2019Universit\u00e9 de Montr\u00e9al, Rania a d\u00e9but\u00e9 sa carri\u00e8re comme avocate et membre du Barreau du Qu\u00e9bec.\u00a0<\/span><\/span><span class=\"TextRun SCXW212245327 BCX0\" lang=\"FR-FR\" xml:lang=\"FR-FR\" data-contrast=\"none\"><span class=\"NormalTextRun SCXW212245327 BCX0\">E<\/span><\/span><span class=\"TextRun SCXW212245327 BCX0\" lang=\"FR-FR\" xml:lang=\"FR-FR\" data-contrast=\"none\"><span class=\"NormalTextRun SCXW212245327 BCX0\">n<\/span><\/span><span class=\"TextRun SCXW212245327 BCX0\" lang=\"FR-FR\" xml:lang=\"FR-FR\" data-contrast=\"auto\"><span class=\"NormalTextRun SCXW212245327 BCX0\">\u00a02015, Rania saisit l&rsquo;opportunit\u00e9 de se lancer dans le domaine immobilier o\u00f9 elle appr\u00e9cie son r\u00f4le-conseil ainsi que le march\u00e9 dynamique. Ayant obtenu un certificat en gestion des ressources humaines du HEC, elle n\u2019oublie pas l\u2019aspect humain et l\u2019importance d\u2019\u00eatre \u00e0 l\u2019\u00e9coute des locataires. Afin de devenir une sp\u00e9cialiste dans son secteur et comprendre davantage le march\u00e9 de l\u2019immobilier, elle a suivi une formation de courtage commercial au Coll\u00e8ge de l\u2019immobilier du Qu\u00e9bec et a obtenu son permis de courtage immobilier commercial en 2016.<\/span><\/span><span class=\"EOP SCXW212245327 BCX0\" data-ccp-props=\"{&quot;201341983&quot;:1,&quot;335559739&quot;:160,&quot;335559740&quot;:240}\">\u00a0<\/span><\/p>\n<\/div>\n                                                                        <!--a href=\"https:\/\/www.groupedamco.com\/fr\/agent\/rania-mansour\/\"\n                                       class=\"view\">Vor profil<\/a-->\n                                <\/div>\n                            <\/div>\n                        <\/div>\n\n                    \n                        <div class=\"col-md-3 col-sm-6\">\n                            <div class=\"agents-block\">\n\n                                                            <figure class=\"auther-thumb\">\n                                    <!--a href=\"https:\/\/www.groupedamco.com\/fr\/agent\/soumaya-el-khayat\/\"\n                                       class=\"view\"-->\n                                    <img loading=\"lazy\" decoding=\"async\" src=\"https:\/\/www.groupedamco.com\/wp-content\/uploads\/2017\/10\/Soumaya-scaled.jpg\" class=\"img-circle\" width=\"150\"\n                                         height=\"150\" alt=\"Soumaya El-Khayat\">\n                                        <!--\/a-->\n                                <\/figure>\n                            \n                                \n\n\n                                <!--div class=\"web-logo text-center\">\n                                                                    <\/div-->\n\n                                <div class=\"block-body\">\n                                    <p class=\"auther-info\">\n                                        <span class=\"blue\">Soumaya El-Khayat<\/span>\n                                                                                <span>\n                                            Assistante de direction                                                                                    <\/span>\n                                                                            <\/p>\n                                                                        <div class=\"description\"><p>Soumaya a travaill\u00e9 pour le pr\u00e9sident chez groupe Phoenicia &#038; Adonis depuis 2003. En Juillet 2017, elle a \u00e9t\u00e9 transf\u00e9r\u00e9e avec lui chez Groupe Damco pour continuer avec le m\u00eame enthousiasme, plaisir et efficacit\u00e9 qu\u2019autrefois. Il est encore une raison, non moins profonde, \u00e0 la satisfaction qu\u2019elle \u00e9prouve \u00e0 se trouver aujourd\u2019hui en cette compagnie.<\/p>\n<\/div>\n                                                                        <!--a href=\"https:\/\/www.groupedamco.com\/fr\/agent\/soumaya-el-khayat\/\"\n                                       class=\"view\">Vor profil<\/a-->\n                                <\/div>\n                            <\/div>\n                        <\/div>\n\n                    \n                        <div class=\"col-md-3 col-sm-6\">\n                            <div class=\"agents-block\">\n\n                                                            <figure class=\"auther-thumb\">\n                                    <!--a href=\"https:\/\/www.groupedamco.com\/fr\/agent\/nadine-el-maalouf\/\"\n                                       class=\"view\"-->\n                                    <img loading=\"lazy\" decoding=\"async\" src=\"https:\/\/www.groupedamco.com\/wp-content\/uploads\/2016\/02\/Nadine-scaled.jpg\" class=\"img-circle\" width=\"150\"\n                                         height=\"150\" alt=\"Nadine El Maalouf\">\n                                        <!--\/a-->\n                                <\/figure>\n                            \n                                \n\n\n                                <!--div class=\"web-logo text-center\">\n                                                                    <\/div-->\n\n                                <div class=\"block-body\">\n                                    <p class=\"auther-info\">\n                                        <span class=\"blue\">Nadine El Maalouf<\/span>\n                                                                                <span>\n                                            Technicienne Comptable                                                                                    <\/span>\n                                                                            <\/p>\n                                                                        <div class=\"description\"><p>Nadine est technicienne comptable chez Groupe Damco depuis Ao\u00fbt 2017. Elle a travaill\u00e9 \u00e9galement comme comptable pour Groupe Adonis durant 7 mois. Elle d\u00e9tient un baccalaur\u00e9at en gestion (finances) et un autre baccalaur\u00e9at en gestion (marketing).<\/p>\n<\/div>\n                                                                        <!--a href=\"https:\/\/www.groupedamco.com\/fr\/agent\/nadine-el-maalouf\/\"\n                                       class=\"view\">Vor profil<\/a-->\n                                <\/div>\n                            <\/div>\n                        <\/div>\n\n                    \n                        <div class=\"col-md-3 col-sm-6\">\n                            <div class=\"agents-block\">\n\n                                                            <figure class=\"auther-thumb\">\n                                    <!--a href=\"https:\/\/www.groupedamco.com\/fr\/agent\/zeina-el-asmar\/\"\n                                       class=\"view\"-->\n                                    <img loading=\"lazy\" decoding=\"async\" src=\"https:\/\/www.groupedamco.com\/wp-content\/uploads\/2021\/02\/Zeina-scaled.jpg\" class=\"img-circle\" width=\"150\"\n                                         height=\"150\" alt=\"Zeina El Asmar\">\n                                        <!--\/a-->\n                                <\/figure>\n                            \n                                \n\n\n                                <!--div class=\"web-logo text-center\">\n                                                                    <\/div-->\n\n                                <div class=\"block-body\">\n                                    <p class=\"auther-info\">\n                                        <span class=\"blue\">Zeina El Asmar<\/span>\n                                                                                <span>\n                                            Assistante comptable                                                                                    <\/span>\n                                                                            <\/p>\n                                                                        <div class=\"description\"><p>Zeina a obtenu deux certificats en comptabilit\u00e9 de l\u2019universit\u00e9 UQAM. Elle travaille comme assistante comptable depuis 2002. En juillet 2020, elle a joint l\u2019\u00e9quipe de Damco comme assistante comptable pour vivre d\u2019autres exp\u00e9riences enrichissantes, dans une entreprise en expansion.<\/p>\n<\/div>\n                                                                        <!--a href=\"https:\/\/www.groupedamco.com\/fr\/agent\/zeina-el-asmar\/\"\n                                       class=\"view\">Vor profil<\/a-->\n                                <\/div>\n                            <\/div>\n                        <\/div>\n\n                    \n                        <div class=\"col-md-3 col-sm-6\">\n                            <div class=\"agents-block\">\n\n                                                            <figure class=\"auther-thumb\">\n                                    <!--a href=\"https:\/\/www.groupedamco.com\/fr\/agent\/pascal-rouhana\/\"\n                                       class=\"view\"-->\n                                    <img loading=\"lazy\" decoding=\"async\" src=\"https:\/\/www.groupedamco.com\/wp-content\/uploads\/2021\/02\/DSC08108-Edit-Edit-1-2-scaled.jpg\" class=\"img-circle\" width=\"150\"\n                                         height=\"150\" alt=\"Pascal Rouhana\">\n                                        <!--\/a-->\n                                <\/figure>\n                            \n                                \n\n\n                                <!--div class=\"web-logo text-center\">\n                                                                    <\/div-->\n\n                                <div class=\"block-body\">\n                                    <p class=\"auther-info\">\n                                        <span class=\"blue\">Pascal Rouhana<\/span>\n                                                                                <span>\n                                            Gestionnaire                                                                                    <\/span>\n                                                                            <\/p>\n                                                                        <div class=\"description\"><p>Pascal est notre gestionnaire du restaurant Wrap Kings du Groupe Damco, il s\u2019est joint \u00e0 notre \u00e9quipe en 2018. Dipl\u00f4m\u00e9 en administration des affaires et en comptabilit\u00e9 g\u00e9n\u00e9rale, il a d\u00e9but\u00e9 sa carri\u00e8re dans la cha\u00eene des march\u00e9s Adonis o\u00f9 il a pu acqu\u00e9rir une grande exp\u00e9rience dans le secteur alimentaire. Cette exp\u00e9rience est combin\u00e9e \u00e0 un parcours de plus de 7 ans dans le secteur bancaire lui donnant des connaissances solides en finances.<\/p>\n<p>Sa passion, son professionnalisme et sa polyvalence lui permettent de b\u00e2tir constamment des relations d\u2019affaires solides.<\/p>\n<\/div>\n                                                                        <!--a href=\"https:\/\/www.groupedamco.com\/fr\/agent\/pascal-rouhana\/\"\n                                       class=\"view\">Vor profil<\/a-->\n                                <\/div>\n                            <\/div>\n                        <\/div>\n\n                                                        <\/div>\n            <\/div>\n        <\/div>\n\n            <!--end post agents module-->\n\n\n        [\/vc_column][\/vc_row]<\/p>\n<\/div>","protected":false},"excerpt":{"rendered":"<p>[vc_row full_width=\u00a0\u00bbstretch_row\u00a0\u00bb css=\u00a0\u00bb.vc_custom_1494966040014{margin-top: 0px !important;padding-top: 50px !important;padding-bottom: 50px !important;background-color: #fafafa !important;}\u00a0\u00bb el_id=\u00a0\u00bbhistory\u00a0\u00bb][vc_column][vc_raw_js]JTNDc2NyaXB0JTIwdHlwZSUzRCUyMnRleHQlMkZqYXZhc2NyaXB0JTIyJTNFJTIwdmFyJTIwcGFnZSUyMCUzRCUyMCUyMiVDMyU4MCUyMHByb3BvcyUyMiUzQiUyMCUzQyUyRnNjcmlwdCUzRQ==[\/vc_raw_js][vc_column_text] Nous avons int\u00e9gr\u00e9 le march\u00e9 en 2013 avec la ferme intention de devenir la r\u00e9f\u00e9rence dans la gestion [&hellip;]<\/p>\n","protected":false},"author":2,"featured_media":0,"parent":0,"menu_order":0,"comment_status":"closed","ping_status":"closed","template":"template\/template-homepage.php","meta":{"_acf_changed":false,"footnotes":""},"class_list":["post-2610","page","type-page","status-publish","hentry"],"acf":[],"_links":{"self":[{"href":"https:\/\/www.groupedamco.com\/fr\/wp-json\/wp\/v2\/pages\/2610","targetHints":{"allow":["GET"]}}],"collection":[{"href":"https:\/\/www.groupedamco.com\/fr\/wp-json\/wp\/v2\/pages"}],"about":[{"href":"https:\/\/www.groupedamco.com\/fr\/wp-json\/wp\/v2\/types\/page"}],"author":[{"embeddable":true,"href":"https:\/\/www.groupedamco.com\/fr\/wp-json\/wp\/v2\/users\/2"}],"replies":[{"embeddable":true,"href":"https:\/\/www.groupedamco.com\/fr\/wp-json\/wp\/v2\/comments?post=2610"}],"version-history":[{"count":16,"href":"https:\/\/www.groupedamco.com\/fr\/wp-json\/wp\/v2\/pages\/2610\/revisions"}],"predecessor-version":[{"id":3432,"href":"https:\/\/www.groupedamco.com\/fr\/wp-json\/wp\/v2\/pages\/2610\/revisions\/3432"}],"wp:attachment":[{"href":"https:\/\/www.groupedamco.com\/fr\/wp-json\/wp\/v2\/media?parent=2610"}],"curies":[{"name":"wp","href":"https:\/\/api.w.org\/{rel}","templated":true}]}}